{"id":239,"date":"2012-05-31T19:57:16","date_gmt":"2012-05-31T17:57:16","guid":{"rendered":"http:\/\/www.maler-meijer.de\/MalerMeijer\/?page_id=239"},"modified":"2016-05-30T11:55:14","modified_gmt":"2016-05-30T09:55:14","slug":"reparaturverglasungen","status":"publish","type":"page","link":"https:\/\/www.maler-meijer.de\/MalerMeijer\/reparaturverglasungen\/","title":{"rendered":"Reparaturverglasungen"},"content":{"rendered":"<p style=\"text-align: justify;\"><!--more--><\/p>\n<p style=\"text-align: justify;\"><span style=\"font-size: medium;\">Wir f\u00fchren s\u00e4mtliche Reparaturverglasungen aus, egal ob es sich zum Beispiel um eine kaputte Fensterscheibe,eine zerbrochene Tischplatte oder einen blinden Spiegel handelt.<\/span><\/p>\n<p style=\"text-align: justify;\"><img decoding=\"async\" loading=\"lazy\" class=\"alignleft size-full wp-image-1668\" title=\"20140722_135204\" src=\"http:\/\/www.maler-meijer.de\/MalerMeijer\/wp-content\/uploads\/2012\/05\/20140722_135204.jpg\" alt=\"\" width=\"288\" height=\"384\" srcset=\"https:\/\/www.maler-meijer.de\/MalerMeijer\/wp-content\/uploads\/2012\/05\/20140722_135204.jpg 288w, https:\/\/www.maler-meijer.de\/MalerMeijer\/wp-content\/uploads\/2012\/05\/20140722_135204-112x150.jpg 112w\" sizes=\"(max-width: 288px) 100vw, 288px\" \/><\/p>\n<p style=\"text-align: justify;\"><span style=\"font-size: medium;\">Ganz gleich ob Isolierverglasung, Ornamentscheibe, Verbundglas, Einscheibensicherheitsglas, Drahtglas, Plexiglas, W\u00e4rmedammverbund-Verglasung und Spiegelglas. Schnell und unkompliziert.<\/span><\/p>\n<p style=\"text-align: justify;\"><span style=\"font-size: medium;\">Schnell ist es passiert, da\u00df eine T\u00fcr- oder Fensterscheibe zu Bruch geht.<\/span><\/p>\n<p style=\"text-align: justify;\"><span style=\"font-size: medium;\">Wir helfen Ihnen in dieser Situation. Wir beraten Sie und unterst\u00fctzen Sie auch bei der Abrechnung mit Ihrer Glasversicherung. Selbstverst\u00e4ndlich erledigen wir jede Reparatur so schnell als m\u00f6glich.<\/span><\/p>\n<p style=\"text-align: justify;\"><span style=\"font-size: large;\"><span style=\"font-size: medium;\">Rufen Sie uns an.Schie<\/span><\/span><\/p>\n<p style=\"text-align: justify;\"><span style=\"font-size: large;\"><span style=\"font-size: medium;\">ve kaput,we komen futt.<\/span><\/span><\/p>\n<p style=\"text-align: justify;\"><strong><span style=\"font-size: medium;\">04953-1241<\/span><\/strong><\/p>\n<p style=\"text-align: justify;\"><span style=\"font-size: medium;\">Wir helfen Ihnen nicht nur beim Einbau neuer Fenster und Gl\u00e4ser, sondern auch beim Thema Insektenschutz! Insektenschutzgitter helfen, die l\u00e4stigen Plagegeister auf nat\u00fcrliche Weise auszusperren. Dazu dienen ma\u00dfgefertigte Insektenschutz-Rollos, Schiebeelemente und fest stehende, klapp- oder schwenkbare Rahmen. Wir bieten Ihnen die passende L\u00f6sung.<\/span><\/p>\n<p>\u00a0<em><span style=\"font-size: large;\">Wir k\u00f6nnen noch kitten.<\/span><\/em><\/p>\n<p>&nbsp;<\/p>\n<p>&nbsp;<\/p>\n<p>&nbsp;<\/p>\n<p>&nbsp;<\/p>\n<p>&nbsp;<\/p>\n<p>&nbsp;<\/p>\n<p>&nbsp;<\/p>\n<p>&nbsp;<\/p>\n<p>&nbsp;<\/p>\n<p>&nbsp;<\/p>\n<p>&nbsp;<\/p>\n<p>&nbsp;<\/p>\n<p>&nbsp;<\/p>\n<p>&nbsp;<\/p>\n","protected":false},"excerpt":{"rendered":"","protected":false},"author":1,"featured_media":1311,"parent":0,"menu_order":0,"comment_status":"closed","ping_status":"closed","template":"page-full.php","meta":[],"aioseo_notices":[],"_links":{"self":[{"href":"https:\/\/www.maler-meijer.de\/MalerMeijer\/wp-json\/wp\/v2\/pages\/239"}],"collection":[{"href":"https:\/\/www.maler-meijer.de\/MalerMeijer\/wp-json\/wp\/v2\/pages"}],"about":[{"href":"https:\/\/www.maler-meijer.de\/MalerMeijer\/wp-json\/wp\/v2\/types\/page"}],"author":[{"embeddable":true,"href":"https:\/\/www.maler-meijer.de\/MalerMeijer\/wp-json\/wp\/v2\/users\/1"}],"replies":[{"embeddable":true,"href":"https:\/\/www.maler-meijer.de\/MalerMeijer\/wp-json\/wp\/v2\/comments?post=239"}],"version-history":[{"count":109,"href":"https:\/\/www.maler-meijer.de\/MalerMeijer\/wp-json\/wp\/v2\/pages\/239\/revisions"}],"predecessor-version":[{"id":1831,"href":"https:\/\/www.maler-meijer.de\/MalerMeijer\/wp-json\/wp\/v2\/pages\/239\/revisions\/1831"}],"wp:featuredmedia":[{"embeddable":true,"href":"https:\/\/www.maler-meijer.de\/MalerMeijer\/wp-json\/wp\/v2\/media\/1311"}],"wp:attachment":[{"href":"https:\/\/www.maler-meijer.de\/MalerMeijer\/wp-json\/wp\/v2\/media?parent=239"}],"curies":[{"name":"wp","href":"https:\/\/api.w.org\/{rel}","templated":true}]}}